{"id":141,"date":"2020-10-20T22:39:12","date_gmt":"2020-10-20T20:39:12","guid":{"rendered":"http:\/\/yca.be\/?page_id=141"},"modified":"2025-12-08T11:54:05","modified_gmt":"2025-12-08T10:54:05","slug":"tarifs","status":"publish","type":"page","link":"https:\/\/yca.be\/index.php\/tarifs\/","title":{"rendered":"Tarifs"},"content":{"rendered":"\t\t<div data-elementor-type=\"wp-page\" data-elementor-id=\"141\" class=\"elementor elementor-141\" data-elementor-post-type=\"page\">\n\t\t\t\t\t\t<section class=\"elementor-section elementor-top-section elementor-element elementor-element-88e7c81 elementor-section-full_width elementor-section-stretched elementor-section-height-default elementor-section-height-default elementor-invisible\" data-id=\"88e7c81\" data-element_type=\"section\" data-settings=\"{&quot;stretch_section&quot;:&quot;section-stretched&quot;,&quot;animation&quot;:&quot;zoomIn&quot;}\">\n\t\t\t\t\t\t<div class=\"elementor-container elementor-column-gap-default\">\n\t\t\t\t\t<div class=\"elementor-column elementor-col-100 elementor-top-column elementor-element elementor-element-47eea22\" data-id=\"47eea22\" data-element_type=\"column\">\n\t\t\t<div class=\"elementor-widget-wrap elementor-element-populated\">\n\t\t\t\t\t\t<div class=\"elementor-element elementor-element-97cbb6f elementor--h-position-center elementor--v-position-middle elementor-arrows-position-inside elementor-pagination-position-inside elementor-widget elementor-widget-slides\" data-id=\"97cbb6f\" data-element_type=\"widget\" data-settings=\"{&quot;navigation&quot;:&quot;both&quot;,&quot;autoplay&quot;:&quot;yes&quot;,&quot;pause_on_hover&quot;:&quot;yes&quot;,&quot;pause_on_interaction&quot;:&quot;yes&quot;,&quot;autoplay_speed&quot;:5000,&quot;infinite&quot;:&quot;yes&quot;,&quot;transition&quot;:&quot;slide&quot;,&quot;transition_speed&quot;:500}\" data-widget_type=\"slides.default\">\n\t\t\t\t<div class=\"elementor-widget-container\">\n\t\t\t\t\t<div class=\"elementor-swiper\">\n\t\t\t<div class=\"elementor-slides-wrapper elementor-main-swiper swiper\" dir=\"ltr\" data-animation=\"fadeInUp\">\n\t\t\t\t<div class=\"swiper-wrapper elementor-slides\">\n\t\t\t\t\t\t\t\t\t\t<div class=\"elementor-repeater-item-59788ce swiper-slide\"><div class=\"swiper-slide-bg elementor-ken-burns elementor-ken-burns--in\" role=\"img\"><\/div><div class=\"elementor-background-overlay\"><\/div><div class=\"swiper-slide-inner\" ><div class=\"swiper-slide-contents\"><div class=\"elementor-slide-heading\">Nos tarifs<\/div><div class=\"elementor-slide-description\">D\u00e9couvrez l'ensemble de nos tarifs<\/div><\/div><\/div><\/div>\t\t\t\t<\/div>\n\t\t\t\t\t\t\t<\/div>\n\t\t<\/div>\n\t\t\t\t<\/div>\n\t\t\t\t<\/div>\n\t\t\t\t<div class=\"elementor-element elementor-element-fde2a06 elementor-widget elementor-widget-spacer\" data-id=\"fde2a06\" data-element_type=\"widget\" data-widget_type=\"spacer.default\">\n\t\t\t\t<div class=\"elementor-widget-container\">\n\t\t\t\t\t<div class=\"elementor-spacer\">\n\t\t\t<div class=\"elementor-spacer-inner\"><\/div>\n\t\t<\/div>\n\t\t\t\t<\/div>\n\t\t\t\t<\/div>\n\t\t\t\t\t<\/div>\n\t\t<\/div>\n\t\t\t\t\t<\/div>\n\t\t<\/section>\n\t\t\t\t<section class=\"elementor-section elementor-top-section elementor-element elementor-element-6da9328 elementor-section-boxed elementor-section-height-default elementor-section-height-default\" data-id=\"6da9328\" data-element_type=\"section\">\n\t\t\t\t\t\t<div class=\"elementor-container elementor-column-gap-default\">\n\t\t\t\t\t<div class=\"elementor-column elementor-col-100 elementor-top-column elementor-element elementor-element-4dd0dd3\" data-id=\"4dd0dd3\" data-element_type=\"column\">\n\t\t\t<div class=\"elementor-widget-wrap elementor-element-populated\">\n\t\t\t\t\t\t<div class=\"elementor-element elementor-element-e68ccd1 elementor-widget elementor-widget-accordion\" data-id=\"e68ccd1\" data-element_type=\"widget\" data-widget_type=\"accordion.default\">\n\t\t\t\t<div class=\"elementor-widget-container\">\n\t\t\t\t\t<div class=\"elementor-accordion\">\n\t\t\t\t\t\t\t<div class=\"elementor-accordion-item\">\n\t\t\t\t\t<div id=\"elementor-tab-title-2411\" class=\"elementor-tab-title\" data-tab=\"1\" role=\"button\" aria-controls=\"elementor-tab-content-2411\" aria-expanded=\"false\">\n\t\t\t\t\t\t\t\t\t\t\t\t\t<span class=\"elementor-accordion-icon elementor-accordion-icon-left\" aria-hidden=\"true\">\n\t\t\t\t\t\t\t\t\t\t\t\t\t\t\t<span class=\"elementor-accordion-icon-closed\"><i class=\"fas fa-plus\"><\/i><\/span>\n\t\t\t\t\t\t\t\t<span class=\"elementor-accordion-icon-opened\"><i class=\"fas fa-minus\"><\/i><\/span>\n\t\t\t\t\t\t\t\t\t\t\t\t\t\t<\/span>\n\t\t\t\t\t\t\t\t\t\t\t\t<a class=\"elementor-accordion-title\" tabindex=\"0\">Tarifs d'amarrage \u00ab visiteur \u00bb non-membre pour la p\u00e9riode estivale du 01\/04 au 15\/10 <\/a>\n\t\t\t\t\t<\/div>\n\t\t\t\t\t<div id=\"elementor-tab-content-2411\" class=\"elementor-tab-content elementor-clearfix\" data-tab=\"1\" role=\"region\" aria-labelledby=\"elementor-tab-title-2411\"><table width=\"500\">\n<tbody>\n<tr>\n<td>&nbsp;<\/td>\n<td>Par jour<\/td>\n<td>Par semaine<\/td>\n<td>Par quinzaine<\/td>\n<\/tr>\n<tr>\n<td>&nbsp;<\/td>\n<td>&nbsp;<\/td>\n<td>&nbsp;<\/td>\n<td>&nbsp;<\/td>\n<\/tr>\n<tr>\n<td>&#8211; de 10 m<\/td>\n<td>12 \u20ac<\/td>\n<td>72 \u20ac<\/td>\n<td>144 \u20ac<\/td>\n<\/tr>\n<tr>\n<td>&nbsp;<\/td>\n<td>&nbsp;<\/td>\n<td>&nbsp;<\/td>\n<td>&nbsp;<\/td>\n<\/tr>\n<tr>\n<td>de 10 \u00e0 11,99 m<\/td>\n<td>15 \u20ac<\/td>\n<td>90 \u20ac<\/td>\n<td>180 \u20ac<\/td>\n<\/tr>\n<tr>\n<td>&nbsp;<\/td>\n<td>&nbsp;<\/td>\n<td>&nbsp;<\/td>\n<td>&nbsp;<\/td>\n<\/tr>\n<tr>\n<td>de 12 \u00e0 15 m<\/td>\n<td>18 \u20ac<\/td>\n<td>108 \u20ac<\/td>\n<td>216 \u20ac<\/td>\n<\/tr>\n<tr>\n<td>&nbsp;<\/td>\n<td>&nbsp;<\/td>\n<td>&nbsp;<\/td>\n<td>&nbsp;<\/td>\n<\/tr>\n<tr>\n<td>+ de 15 m<\/td>\n<td colspan=\"3\">+ 1,5 \u20ac par m\u00e8tre suppl\u00e9mentaire au-del\u00e0 de 15 m<\/td>\n<\/tr>\n<\/tbody>\n<\/table>\n<p>Remarques :<\/p>\n<p class=\"p2\">Un jour gratuit vous est offert apr\u00e8s 6 nuit\u00e9es.<br>La dur\u00e9e maximale de nuit\u00e9es des visiteurs durant la saison estivale est limit\u00e9e \u00e0 2 semaines.<br><\/p><\/div>\n\t\t\t\t<\/div>\n\t\t\t\t\t\t\t<div class=\"elementor-accordion-item\">\n\t\t\t\t\t<div id=\"elementor-tab-title-2412\" class=\"elementor-tab-title\" data-tab=\"2\" role=\"button\" aria-controls=\"elementor-tab-content-2412\" aria-expanded=\"false\">\n\t\t\t\t\t\t\t\t\t\t\t\t\t<span class=\"elementor-accordion-icon elementor-accordion-icon-left\" aria-hidden=\"true\">\n\t\t\t\t\t\t\t\t\t\t\t\t\t\t\t<span class=\"elementor-accordion-icon-closed\"><i class=\"fas fa-plus\"><\/i><\/span>\n\t\t\t\t\t\t\t\t<span class=\"elementor-accordion-icon-opened\"><i class=\"fas fa-minus\"><\/i><\/span>\n\t\t\t\t\t\t\t\t\t\t\t\t\t\t<\/span>\n\t\t\t\t\t\t\t\t\t\t\t\t<a class=\"elementor-accordion-title\" tabindex=\"0\">Tarifs d'amarrage \u00ab visiteur \u00bb non-membre pour la p\u00e9riode hivernale du 16\/10 au 31\/03\u200b<\/a>\n\t\t\t\t\t<\/div>\n\t\t\t\t\t<div id=\"elementor-tab-content-2412\" class=\"elementor-tab-content elementor-clearfix\" data-tab=\"2\" role=\"region\" aria-labelledby=\"elementor-tab-title-2412\"><p>L&#8217;amarrage hivernal pour le visiteur non-membre est possible uniquement dans la darse au prix de 50 \u20ac\/m\u00e8tre + TVA 21%<\/p><\/div>\n\t\t\t\t<\/div>\n\t\t\t\t\t\t\t<div class=\"elementor-accordion-item\">\n\t\t\t\t\t<div id=\"elementor-tab-title-2413\" class=\"elementor-tab-title\" data-tab=\"3\" role=\"button\" aria-controls=\"elementor-tab-content-2413\" aria-expanded=\"false\">\n\t\t\t\t\t\t\t\t\t\t\t\t\t<span class=\"elementor-accordion-icon elementor-accordion-icon-left\" aria-hidden=\"true\">\n\t\t\t\t\t\t\t\t\t\t\t\t\t\t\t<span class=\"elementor-accordion-icon-closed\"><i class=\"fas fa-plus\"><\/i><\/span>\n\t\t\t\t\t\t\t\t<span class=\"elementor-accordion-icon-opened\"><i class=\"fas fa-minus\"><\/i><\/span>\n\t\t\t\t\t\t\t\t\t\t\t\t\t\t<\/span>\n\t\t\t\t\t\t\t\t\t\t\t\t<a class=\"elementor-accordion-title\" tabindex=\"0\">Tarifs d'amarrage pour les membres visiteurs pour la p\u00e9riode estivale du 01\/04 au 16\/10\u200b<\/a>\n\t\t\t\t\t<\/div>\n\t\t\t\t\t<div id=\"elementor-tab-content-2413\" class=\"elementor-tab-content elementor-clearfix\" data-tab=\"3\" role=\"region\" aria-labelledby=\"elementor-tab-title-2413\"><p>Les visiteurs membres adh\u00e9rents et membres effectifs b\u00e9n\u00e9ficient d&#8217;une r\u00e9duction de 20 % sur les tarifs journaliers ci-dessus, sur pr\u00e9sentation de leur carte de membre<\/p><\/div>\n\t\t\t\t<\/div>\n\t\t\t\t\t\t\t<div class=\"elementor-accordion-item\">\n\t\t\t\t\t<div id=\"elementor-tab-title-2414\" class=\"elementor-tab-title\" data-tab=\"4\" role=\"button\" aria-controls=\"elementor-tab-content-2414\" aria-expanded=\"false\">\n\t\t\t\t\t\t\t\t\t\t\t\t\t<span class=\"elementor-accordion-icon elementor-accordion-icon-left\" aria-hidden=\"true\">\n\t\t\t\t\t\t\t\t\t\t\t\t\t\t\t<span class=\"elementor-accordion-icon-closed\"><i class=\"fas fa-plus\"><\/i><\/span>\n\t\t\t\t\t\t\t\t<span class=\"elementor-accordion-icon-opened\"><i class=\"fas fa-minus\"><\/i><\/span>\n\t\t\t\t\t\t\t\t\t\t\t\t\t\t<\/span>\n\t\t\t\t\t\t\t\t\t\t\t\t<a class=\"elementor-accordion-title\" tabindex=\"0\">Tarifs d'amarrage pour les membres visiteurs pour la p\u00e9riode hivernale du 16\/10 au 31\/03 \u200b<\/a>\n\t\t\t\t\t<\/div>\n\t\t\t\t\t<div id=\"elementor-tab-content-2414\" class=\"elementor-tab-content elementor-clearfix\" data-tab=\"4\" role=\"region\" aria-labelledby=\"elementor-tab-title-2414\"><p>L&#8217;amarrage hivernal est possible uniquement dans la darse au prix 40 \u20ac \/ m\u00e8tre +TVA 21%<\/p><\/div>\n\t\t\t\t<\/div>\n\t\t\t\t\t\t\t<div class=\"elementor-accordion-item\">\n\t\t\t\t\t<div id=\"elementor-tab-title-2415\" class=\"elementor-tab-title\" data-tab=\"5\" role=\"button\" aria-controls=\"elementor-tab-content-2415\" aria-expanded=\"false\">\n\t\t\t\t\t\t\t\t\t\t\t\t\t<span class=\"elementor-accordion-icon elementor-accordion-icon-left\" aria-hidden=\"true\">\n\t\t\t\t\t\t\t\t\t\t\t\t\t\t\t<span class=\"elementor-accordion-icon-closed\"><i class=\"fas fa-plus\"><\/i><\/span>\n\t\t\t\t\t\t\t\t<span class=\"elementor-accordion-icon-opened\"><i class=\"fas fa-minus\"><\/i><\/span>\n\t\t\t\t\t\t\t\t\t\t\t\t\t\t<\/span>\n\t\t\t\t\t\t\t\t\t\t\t\t<a class=\"elementor-accordion-title\" tabindex=\"0\">Tarifs d'amarrage estival  du 01\/04 au 16\/10 pour les membres\u200b ayant une place \u00e0 l'ann\u00e9e<\/a>\n\t\t\t\t\t<\/div>\n\t\t\t\t\t<div id=\"elementor-tab-content-2415\" class=\"elementor-tab-content elementor-clearfix\" data-tab=\"5\" role=\"region\" aria-labelledby=\"elementor-tab-title-2415\"><table width=\"377\">\n<tbody>\n<tr>\n<td width=\"177\">Amarrage dans la darse<\/td>\n<td width=\"200\">35 \u20ac \/ m\u00e8tre&nbsp; +&nbsp; TVA 21 %&nbsp;&nbsp; *<\/td>\n<\/tr>\n<tr>\n<td>&nbsp;<\/td>\n<td>&nbsp;<\/td>\n<\/tr>\n<tr>\n<td>Amarrage au Quai Van Geert<\/td>\n<td>32 \u20ac \/ m\u00e8tre&nbsp; +&nbsp; TVA 21 %&nbsp;&nbsp;&nbsp; *<\/td>\n<\/tr>\n<\/tbody>\n<\/table>\n<p>Le raccordement \u00e0 l&#8217;\u00e9lectricit\u00e9 est factur\u00e9 au prix co\u00fbtant + un forfait de 10 \u20ac + TVA 21 %<\/p>\n<p>* Remarque : La longueur du bateau est arrondie \u00e0 l&#8217;unit\u00e9 sup\u00e9rieure.<\/p><\/div>\n\t\t\t\t<\/div>\n\t\t\t\t\t\t\t<div class=\"elementor-accordion-item\">\n\t\t\t\t\t<div id=\"elementor-tab-title-2416\" class=\"elementor-tab-title\" data-tab=\"6\" role=\"button\" aria-controls=\"elementor-tab-content-2416\" aria-expanded=\"false\">\n\t\t\t\t\t\t\t\t\t\t\t\t\t<span class=\"elementor-accordion-icon elementor-accordion-icon-left\" aria-hidden=\"true\">\n\t\t\t\t\t\t\t\t\t\t\t\t\t\t\t<span class=\"elementor-accordion-icon-closed\"><i class=\"fas fa-plus\"><\/i><\/span>\n\t\t\t\t\t\t\t\t<span class=\"elementor-accordion-icon-opened\"><i class=\"fas fa-minus\"><\/i><\/span>\n\t\t\t\t\t\t\t\t\t\t\t\t\t\t<\/span>\n\t\t\t\t\t\t\t\t\t\t\t\t<a class=\"elementor-accordion-title\" tabindex=\"0\">Tarifs d'amarrage hivernal du 16\/10 au 31\/03 pour les membres ayant une place \u00e0 l'ann\u00e9e<\/a>\n\t\t\t\t\t<\/div>\n\t\t\t\t\t<div id=\"elementor-tab-content-2416\" class=\"elementor-tab-content elementor-clearfix\" data-tab=\"6\" role=\"region\" aria-labelledby=\"elementor-tab-title-2416\"><table width=\"377\">\n<tbody>\n<tr>\n<td width=\"177\">Amarrage dans la darse<\/td>\n<td width=\"200\">9 \u20ac \/ m\u00e8tre + TVA 21 %&nbsp;&nbsp; *<\/td>\n<\/tr>\n<\/tbody>\n<\/table>\n<p>Le raccordement \u00e0 l&#8217;\u00e9lectricit\u00e9 est factur\u00e9 au prix co\u00fbtant + un forfait de 10 \u20ac + TVA 21 %<br>* Remarque : la longueur du bateau est arrondie \u00e0 l&#8217;unit\u00e9 sup\u00e9rieure<\/p><\/div>\n\t\t\t\t<\/div>\n\t\t\t\t\t\t\t\t<\/div>\n\t\t\t\t<\/div>\n\t\t\t\t<\/div>\n\t\t\t\t\t<\/div>\n\t\t<\/div>\n\t\t\t\t\t<\/div>\n\t\t<\/section>\n\t\t\t\t<section class=\"elementor-section elementor-top-section elementor-element elementor-element-7ff4098 elementor-section-boxed elementor-section-height-default elementor-section-height-default\" data-id=\"7ff4098\" data-element_type=\"section\">\n\t\t\t\t\t\t<div class=\"elementor-container elementor-column-gap-default\">\n\t\t\t\t\t<div class=\"elementor-column elementor-col-100 elementor-top-column elementor-element elementor-element-35e2a6e\" data-id=\"35e2a6e\" data-element_type=\"column\">\n\t\t\t<div class=\"elementor-widget-wrap elementor-element-populated\">\n\t\t\t\t\t\t<div class=\"elementor-element elementor-element-900961b elementor-widget elementor-widget-spacer\" data-id=\"900961b\" data-element_type=\"widget\" data-widget_type=\"spacer.default\">\n\t\t\t\t<div class=\"elementor-widget-container\">\n\t\t\t\t\t<div class=\"elementor-spacer\">\n\t\t\t<div class=\"elementor-spacer-inner\"><\/div>\n\t\t<\/div>\n\t\t\t\t<\/div>\n\t\t\t\t<\/div>\n\t\t\t\t\t<\/div>\n\t\t<\/div>\n\t\t\t\t\t<\/div>\n\t\t<\/section>\n\t\t\t\t<\/div>\n\t\t","protected":false},"excerpt":{"rendered":"<p>Nos tarifsD\u00e9couvrez l&#8217;ensemble de nos tarifs Tarifs d&#8217;amarrage \u00ab visiteur \u00bb non-membre pour la p\u00e9riode estivale du 01\/04 au 15\/10 &nbsp; Par jour Par semaine Par quinzaine &nbsp; &nbsp; &nbsp; &nbsp; &#8211; de 10 m 12 \u20ac 72 \u20ac 144 \u20ac &nbsp; &nbsp; &nbsp; &nbsp; de 10 \u00e0 11,99 m 15 \u20ac 90 \u20ac 180 [&hellip;]<\/p>\n","protected":false},"author":1,"featured_media":0,"parent":0,"menu_order":0,"comment_status":"closed","ping_status":"closed","template":"","meta":{"_bbp_topic_count":0,"_bbp_reply_count":0,"_bbp_total_topic_count":0,"_bbp_total_reply_count":0,"_bbp_voice_count":0,"_bbp_anonymous_reply_count":0,"_bbp_topic_count_hidden":0,"_bbp_reply_count_hidden":0,"_bbp_forum_subforum_count":0,"site-sidebar-layout":"no-sidebar","site-content-layout":"page-builder","ast-site-content-layout":"default","site-content-style":"default","site-sidebar-style":"default","ast-global-header-display":"","ast-banner-title-visibility":"","ast-main-header-display":"","ast-hfb-above-header-display":"","ast-hfb-below-header-display":"","ast-hfb-mobile-header-display":"","site-post-title":"disabled","ast-breadcrumbs-content":"","ast-featured-img":"disabled","footer-sml-layout":"","ast-disable-related-posts":"","theme-transparent-header-meta":"default","adv-header-id-meta":"","stick-header-meta":"default","header-above-stick-meta":"","header-main-stick-meta":"","header-below-stick-meta":"","astra-migrate-meta-layouts":"default","ast-page-background-enabled":"default","ast-page-background-meta":{"desktop":{"background-color":"","background-image":"","background-repeat":"repeat","background-position":"center center","background-size":"auto","background-attachment":"scroll","background-type":"","background-media":"","overlay-type":"","overlay-color":"","overlay-opacity":"","overlay-gradient":""},"tablet":{"background-color":"","background-image":"","background-repeat":"repeat","background-position":"center center","background-size":"auto","background-attachment":"scroll","background-type":"","background-media":"","overlay-type":"","overlay-color":"","overlay-opacity":"","overlay-gradient":""},"mobile":{"background-color":"","background-image":"","background-repeat":"repeat","background-position":"center center","background-size":"auto","background-attachment":"scroll","background-type":"","background-media":"","overlay-type":"","overlay-color":"","overlay-opacity":"","overlay-gradient":""}},"ast-content-background-meta":{"desktop":{"background-color":"var(--ast-global-color-5)","background-image":"","background-repeat":"repeat","background-position":"center center","background-size":"auto","background-attachment":"scroll","background-type":"","background-media":"","overlay-type":"","overlay-color":"","overlay-opacity":"","overlay-gradient":""},"tablet":{"background-color":"var(--ast-global-color-5)","background-image":"","background-repeat":"repeat","background-position":"center center","background-size":"auto","background-attachment":"scroll","background-type":"","background-media":"","overlay-type":"","overlay-color":"","overlay-opacity":"","overlay-gradient":""},"mobile":{"background-color":"var(--ast-global-color-5)","background-image":"","background-repeat":"repeat","background-position":"center center","background-size":"auto","background-attachment":"scroll","background-type":"","background-media":"","overlay-type":"","overlay-color":"","overlay-opacity":"","overlay-gradient":""}},"footnotes":""},"class_list":["post-141","page","type-page","status-publish","hentry"],"yoast_head":"<!-- This site is optimized with the Yoast SEO plugin v23.4 - https:\/\/yoast.com\/wordpress\/plugins\/seo\/ -->\n<title>Tarifs - Yacht club d&#039;Anseremme<\/title>\n<meta name=\"robots\" content=\"index, follow, max-snippet:-1, max-image-preview:large, max-video-preview:-1\" \/>\n<link rel=\"canonical\" href=\"https:\/\/yca.be\/index.php\/tarifs\/\" \/>\n<meta property=\"og:locale\" content=\"fr_FR\" \/>\n<meta property=\"og:type\" content=\"article\" \/>\n<meta property=\"og:title\" content=\"Tarifs - Yacht club d&#039;Anseremme\" \/>\n<meta property=\"og:description\" content=\"Nos tarifsD\u00e9couvrez l&#8217;ensemble de nos tarifs Tarifs d&#8217;amarrage \u00ab visiteur \u00bb non-membre pour la p\u00e9riode estivale du 01\/04 au 15\/10 &nbsp; Par jour Par semaine Par quinzaine &nbsp; &nbsp; &nbsp; &nbsp; &#8211; de 10 m 12 \u20ac 72 \u20ac 144 \u20ac &nbsp; &nbsp; &nbsp; &nbsp; de 10 \u00e0 11,99 m 15 \u20ac 90 \u20ac 180 [&hellip;]\" \/>\n<meta property=\"og:url\" content=\"https:\/\/yca.be\/index.php\/tarifs\/\" \/>\n<meta property=\"og:site_name\" content=\"Yacht club d&#039;Anseremme\" \/>\n<meta property=\"article:modified_time\" content=\"2025-12-08T10:54:05+00:00\" \/>\n<meta name=\"twitter:card\" content=\"summary_large_image\" \/>\n<meta name=\"twitter:label1\" content=\"Dur\u00e9e de lecture estim\u00e9e\" \/>\n\t<meta name=\"twitter:data1\" content=\"2 minutes\" \/>\n<script type=\"application\/ld+json\" class=\"yoast-schema-graph\">{\"@context\":\"https:\/\/schema.org\",\"@graph\":[{\"@type\":\"WebPage\",\"@id\":\"https:\/\/yca.be\/index.php\/tarifs\/\",\"url\":\"https:\/\/yca.be\/index.php\/tarifs\/\",\"name\":\"Tarifs - Yacht club d&#039;Anseremme\",\"isPartOf\":{\"@id\":\"https:\/\/yca.be\/#website\"},\"datePublished\":\"2020-10-20T20:39:12+00:00\",\"dateModified\":\"2025-12-08T10:54:05+00:00\",\"breadcrumb\":{\"@id\":\"https:\/\/yca.be\/index.php\/tarifs\/#breadcrumb\"},\"inLanguage\":\"fr-FR\",\"potentialAction\":[{\"@type\":\"ReadAction\",\"target\":[\"https:\/\/yca.be\/index.php\/tarifs\/\"]}]},{\"@type\":\"BreadcrumbList\",\"@id\":\"https:\/\/yca.be\/index.php\/tarifs\/#breadcrumb\",\"itemListElement\":[{\"@type\":\"ListItem\",\"position\":1,\"name\":\"Accueil\",\"item\":\"https:\/\/yca.be\/\"},{\"@type\":\"ListItem\",\"position\":2,\"name\":\"Tarifs\"}]},{\"@type\":\"WebSite\",\"@id\":\"https:\/\/yca.be\/#website\",\"url\":\"https:\/\/yca.be\/\",\"name\":\"Yacht club d&#039;Anseremme\",\"description\":\"Port d&#039;Anseremme\",\"publisher\":{\"@id\":\"https:\/\/yca.be\/#organization\"},\"potentialAction\":[{\"@type\":\"SearchAction\",\"target\":{\"@type\":\"EntryPoint\",\"urlTemplate\":\"https:\/\/yca.be\/?s={search_term_string}\"},\"query-input\":{\"@type\":\"PropertyValueSpecification\",\"valueRequired\":true,\"valueName\":\"search_term_string\"}}],\"inLanguage\":\"fr-FR\"},{\"@type\":\"Organization\",\"@id\":\"https:\/\/yca.be\/#organization\",\"name\":\"Yacht Club d'Anseremme\",\"url\":\"https:\/\/yca.be\/\",\"logo\":{\"@type\":\"ImageObject\",\"inLanguage\":\"fr-FR\",\"@id\":\"https:\/\/yca.be\/#\/schema\/logo\/image\/\",\"url\":\"https:\/\/i0.wp.com\/yca.be\/wp-content\/uploads\/2020\/10\/logo-180x180.png?fit=180%2C180&ssl=1\",\"contentUrl\":\"https:\/\/i0.wp.com\/yca.be\/wp-content\/uploads\/2020\/10\/logo-180x180.png?fit=180%2C180&ssl=1\",\"width\":180,\"height\":180,\"caption\":\"Yacht Club d'Anseremme\"},\"image\":{\"@id\":\"https:\/\/yca.be\/#\/schema\/logo\/image\/\"}}]}<\/script>\n<!-- \/ Yoast SEO plugin. -->","yoast_head_json":{"title":"Tarifs - Yacht club d&#039;Anseremme","robots":{"index":"index","follow":"follow","max-snippet":"max-snippet:-1","max-image-preview":"max-image-preview:large","max-video-preview":"max-video-preview:-1"},"canonical":"https:\/\/yca.be\/index.php\/tarifs\/","og_locale":"fr_FR","og_type":"article","og_title":"Tarifs - Yacht club d&#039;Anseremme","og_description":"Nos tarifsD\u00e9couvrez l&#8217;ensemble de nos tarifs Tarifs d&#8217;amarrage \u00ab visiteur \u00bb non-membre pour la p\u00e9riode estivale du 01\/04 au 15\/10 &nbsp; Par jour Par semaine Par quinzaine &nbsp; &nbsp; &nbsp; &nbsp; &#8211; de 10 m 12 \u20ac 72 \u20ac 144 \u20ac &nbsp; &nbsp; &nbsp; &nbsp; de 10 \u00e0 11,99 m 15 \u20ac 90 \u20ac 180 [&hellip;]","og_url":"https:\/\/yca.be\/index.php\/tarifs\/","og_site_name":"Yacht club d&#039;Anseremme","article_modified_time":"2025-12-08T10:54:05+00:00","twitter_card":"summary_large_image","twitter_misc":{"Dur\u00e9e de lecture estim\u00e9e":"2 minutes"},"schema":{"@context":"https:\/\/schema.org","@graph":[{"@type":"WebPage","@id":"https:\/\/yca.be\/index.php\/tarifs\/","url":"https:\/\/yca.be\/index.php\/tarifs\/","name":"Tarifs - Yacht club d&#039;Anseremme","isPartOf":{"@id":"https:\/\/yca.be\/#website"},"datePublished":"2020-10-20T20:39:12+00:00","dateModified":"2025-12-08T10:54:05+00:00","breadcrumb":{"@id":"https:\/\/yca.be\/index.php\/tarifs\/#breadcrumb"},"inLanguage":"fr-FR","potentialAction":[{"@type":"ReadAction","target":["https:\/\/yca.be\/index.php\/tarifs\/"]}]},{"@type":"BreadcrumbList","@id":"https:\/\/yca.be\/index.php\/tarifs\/#breadcrumb","itemListElement":[{"@type":"ListItem","position":1,"name":"Accueil","item":"https:\/\/yca.be\/"},{"@type":"ListItem","position":2,"name":"Tarifs"}]},{"@type":"WebSite","@id":"https:\/\/yca.be\/#website","url":"https:\/\/yca.be\/","name":"Yacht club d&#039;Anseremme","description":"Port d&#039;Anseremme","publisher":{"@id":"https:\/\/yca.be\/#organization"},"potentialAction":[{"@type":"SearchAction","target":{"@type":"EntryPoint","urlTemplate":"https:\/\/yca.be\/?s={search_term_string}"},"query-input":{"@type":"PropertyValueSpecification","valueRequired":true,"valueName":"search_term_string"}}],"inLanguage":"fr-FR"},{"@type":"Organization","@id":"https:\/\/yca.be\/#organization","name":"Yacht Club d'Anseremme","url":"https:\/\/yca.be\/","logo":{"@type":"ImageObject","inLanguage":"fr-FR","@id":"https:\/\/yca.be\/#\/schema\/logo\/image\/","url":"https:\/\/i0.wp.com\/yca.be\/wp-content\/uploads\/2020\/10\/logo-180x180.png?fit=180%2C180&ssl=1","contentUrl":"https:\/\/i0.wp.com\/yca.be\/wp-content\/uploads\/2020\/10\/logo-180x180.png?fit=180%2C180&ssl=1","width":180,"height":180,"caption":"Yacht Club d'Anseremme"},"image":{"@id":"https:\/\/yca.be\/#\/schema\/logo\/image\/"}}]}},"jetpack_sharing_enabled":true,"jetpack_likes_enabled":true,"_links":{"self":[{"href":"https:\/\/yca.be\/index.php\/wp-json\/wp\/v2\/pages\/141"}],"collection":[{"href":"https:\/\/yca.be\/index.php\/wp-json\/wp\/v2\/pages"}],"about":[{"href":"https:\/\/yca.be\/index.php\/wp-json\/wp\/v2\/types\/page"}],"author":[{"embeddable":true,"href":"https:\/\/yca.be\/index.php\/wp-json\/wp\/v2\/users\/1"}],"replies":[{"embeddable":true,"href":"https:\/\/yca.be\/index.php\/wp-json\/wp\/v2\/comments?post=141"}],"version-history":[{"count":123,"href":"https:\/\/yca.be\/index.php\/wp-json\/wp\/v2\/pages\/141\/revisions"}],"predecessor-version":[{"id":18255,"href":"https:\/\/yca.be\/index.php\/wp-json\/wp\/v2\/pages\/141\/revisions\/18255"}],"wp:attachment":[{"href":"https:\/\/yca.be\/index.php\/wp-json\/wp\/v2\/media?parent=141"}],"curies":[{"name":"wp","href":"https:\/\/api.w.org\/{rel}","templated":true}]}}